{"id":5251,"date":"2023-01-26T12:37:16","date_gmt":"2023-01-26T10:37:16","guid":{"rendered":"https:\/\/www.itukylat.fi\/?page_id=5251"},"modified":"2025-11-20T11:55:31","modified_gmt":"2025-11-20T09:55:31","slug":"byacoachning","status":"publish","type":"page","link":"https:\/\/www.itukylat.fi\/sv\/byacoachning\/","title":{"rendered":"Byacoachning"},"content":{"rendered":"<p>Byaf\u00f6reningar och andra motsvarande organisationer har m\u00f6jlighet att bjuda in en byacoach f\u00f6r att ordna en workshop eller utbildning om olika teman som utvecklar deras verksamhet. Byacoacherna \u00e4r anst\u00e4llda av landskapsbyaf\u00f6reningarna eller Leadergrupperna och finns i varje landskap.<\/p>\n<p>Utbildnings\u00e4mnena anknyter p\u00e5 ett eller annat s\u00e4tt till bya- och f\u00f6reningsverksamhet. Man kan till exempel b\u00f6rja med grunderna i f\u00f6reningsverksamhet, kommunikation, medelanskaffning eller f\u00f6reningsakt\u00f6rens digitala f\u00e4rdigheter. Det finns ocks\u00e5 paket som anknyter till n\u00e4tverkande och frivilligarbete. I workshoppen kan ni planera evenemang eller tillsammans fundera p\u00e5 fler aktiviteter f\u00f6r byahuset. Med st\u00f6d av byacoachen kan ni g\u00f6ra upp en byaplan f\u00f6r din by eller starta ett projekt med en bra id\u00e9 och p\u00e5 s\u00e5 s\u00e4tt eventuellt ocks\u00e5 f\u00e5 finansiering f\u00f6r att utveckla er by eller ert kvarter.<\/p>\n<p>&nbsp;<\/p>\n<h4><span style=\"color: #008000;\">11 \u00e4mnen<\/span><\/h4>\n<p>&nbsp;<\/p>\n<h4><span style=\"color: #008000;\">1 Vad h\u00f6rs fr\u00e5n byn \u2013 Fungerande kommunikation i byar och kvarter<\/span><\/h4>\n<p>Kommunikation \u00e4r en grundl\u00e4ggande f\u00f6ruts\u00e4ttning f\u00f6r f\u00f6reningens verksamhet och en resurs vars anv\u00e4ndning kr\u00e4ver kunskaper och f\u00e4rdigheter. V\u00e4lplanerad information \u00e4r effektiv och snabb. Den aktiverar verksamheten, g\u00f6r f\u00f6reningen och verksamheten b\u00e4ttre k\u00e4nd och hj\u00e4lper f\u00f6reningen att fr\u00e4mja \u00e4renden som \u00e4r viktiga f\u00f6r den. I den h\u00e4r utbildningen behandlar vi byarnas och kvarterens kommunikation p\u00e5 ett m\u00e5ngsidigt s\u00e4tt. Det vill s\u00e4ga varf\u00f6r, hur, med vem och var vi kommunicerar. Utbildningen genomf\u00f6rs p\u00e5 s\u00e5 s\u00e4tt att n\u00e4r den slutf\u00f6rts, har f\u00f6reningen en ytterst bra och v\u00e4lfungerande grund f\u00f6r sin kommunikationsplan.<\/p>\n<p>&nbsp;<\/p>\n<h4><span style=\"color: #008000;\">2 Mer verksamhet i f\u00f6reningshusen \u2013 M\u00f6jligg\u00f6r en m\u00e5ngsidig verksamhet i gemensamma lokaler<\/span><\/h4>\n<p>Byar brukar ofta ha \u00e5tminstone en gemensam lokal som anv\u00e4nds f\u00f6r m\u00e5nga olika \u00e4ndam\u00e5l i byns verksamhet. Att kartl\u00e4gga anv\u00e4ndningsm\u00f6jligheterna och anv\u00e4nda den gemensamma lokalen p\u00e5 ett m\u00e5ngsidigt s\u00e4tt \u00e4r till f\u00f6rdel f\u00f6r hela byn. De v\u00e4xande underh\u00e5llskostnaderna kan t\u00e4ckas genom att h\u00f6ja lokalernas anv\u00e4ndningsgrad. I den h\u00e4r helheten ger vi tips om hur ni kan f\u00e5 \u00e4nnu mer ut av er gemensamma byag\u00e5rd. Utbildningens m\u00e5lgrupp \u00e4r de byar och kvarter som vill h\u00f6ja anv\u00e4ndningsgraden av sina gemensamma lokaler. Utbildningen fokuserar fr\u00e4mst p\u00e5 byarnas gemensamma g\u00e5rdar och lokaler (byag\u00e5rdar, f\u00f6reningshus osv.), trots att gemensamma lokaler eller utrymmen ocks\u00e5 kan finnas ute i byn, till exempel i form av ett bord i h\u00f6rnet av bybutiken.<\/p>\n<p>&nbsp;<\/p>\n<h4><span style=\"color: #008000;\">3 Frivilligverksamheten i byar och kvarter \u2013 Marknadsf\u00f6r, rekrytera och motivera<\/span><\/h4>\n<p>Frivilligverksamhet best\u00e5r av en uppgift, den som utf\u00f6r uppgiften och den instans som erbjuder uppgiften, dvs. byn\/kvarteret. Det finns mer frivilligarbete att g\u00f6ra \u00e4n det finns frivilliga, och d\u00e4rf\u00f6r g\u00e4ller det att marknadsf\u00f6ra frivilligverksamheten v\u00e4l. Marknadsf\u00f6ring betyder att man definierar frivilliguppdraget och kommunicerar om det.<\/p>\n<p>&nbsp;<\/p>\n<h4><span style=\"color: #008000;\">4 Hur kan man f\u00e5 pengar f\u00f6r verksamheten? \u2013 Utveckla medelanskaffningen i byar och kvarter<\/span><\/h4>\n<p>En av grundtankarna i f\u00f6reningsverksamhet \u00e4r att verksamheten \u00e4r frivillig. Verksamheten bygger p\u00e5 att m\u00e4nniskor som vill arbeta f\u00f6r ett gemensamt m\u00e5l s\u00f6ker sig till f\u00f6reningen. N\u00e4r m\u00e4nniskor g\u00e5r med i f\u00f6reningens verksamhet \u00e4r de allts\u00e5 beredda att donera sin tid f\u00f6r gemensamt bruk. Tid = pengar.<\/p>\n<p>Byaverksamhet medf\u00f6r ofta kostnader, och det beh\u00f6vs pengar f\u00f6r att t\u00e4cka kostnaderna. Det \u00e4r m\u00f6jligt att samla in pengar p\u00e5 m\u00e5nga olika s\u00e4tt och f\u00f6reningen kan ocks\u00e5 ans\u00f6ka om pengar fr\u00e5n olika instanser.<\/p>\n<p>&nbsp;<\/p>\n<h4><span style=\"color: #008000;\">5 Digitala f\u00e4rdigheter i byar och kvarter \u2013 F\u00f6reningsverksamma f\u00e5r digital kompetens<\/span><\/h4>\n<p>I den h\u00e4r helheten behandlar vi grunderna i digitala f\u00e4rdigheter: hur man kan utveckla sina digitala f\u00e4rdigheter och vad man ska t\u00e4nka p\u00e5 i byarnas\/kvarterens verksamhet med tanke p\u00e5 det digitala. Vi bekantar oss ocks\u00e5 med system, program och utrustningar som \u00e4r bra att ha.<\/p>\n<p>&nbsp;<\/p>\n<h4><span style=\"color: #008000;\">6 Byaplanen \u2013 Byns eller kvarterets gemensamma framtid<\/span><\/h4>\n<p>Byborna g\u00f6r upp byaplanen tillsammans. Planen dokumenterar bybornas vilja om byns gemensamma riktning och aktiviteter. N\u00e4r man uppr\u00e4ttar en byaplan l\u00f6nar det sig att bjuda in alla bybor och akt\u00f6rer som verkar i byn. Resultatet \u00e4r bybornas gemensamma utvecklingsplan f\u00f6r kommande \u00e5r. I den h\u00e4r helheten g\u00e5r vi igenom hur byaplaneringsprocessen kan genomf\u00f6ras i er by eller i ert kvarter. I inneh\u00e5llet diskuterar vi byar och byaplaner, men inneh\u00e5llet kan ocks\u00e5 anpassas p\u00e5 kvarterens och inv\u00e5narf\u00f6reningarnas verksamhet.<\/p>\n<p>&nbsp;<\/p>\n<h4><span style=\"color: #008000;\">7 Fr\u00e5n id\u00e9 till verksamhet \u2013 Fr\u00e5n utvecklingsbehov till fungerande projektplan<\/span><\/h4>\n<p>Genomf\u00f6randet av projekt m\u00e5ste utg\u00e5 fr\u00e5n ett konkret behov: att man tillsammans vill utveckla n\u00e5got som st\u00f6djer gemenskapens verksamhet. Det l\u00f6nar sig inte att starta projekt bara f\u00f6r projektets skull, utan projektet m\u00e5ste ge gemenskapen merv\u00e4rde.<\/p>\n<p>&nbsp;<\/p>\n<h4><span style=\"color: #008000;\">8 P\u00e5verka och skapa n\u00e4tverk \u2013 Deltagande och samarbete i bya- och kvartersverksamhet<\/span><\/h4>\n<p>I det h\u00e4r avsnittet diskuterar vi hur byar och kvarter kan p\u00e5verka och skapa n\u00e4tverk. Vi diskuterar ocks\u00e5 vilken nytta gemenskaper kan ha av p\u00e5verkan och n\u00e4tverk.<\/p>\n<p>&nbsp;<\/p>\n<h4><span style=\"color: #008000;\">9 ABC f\u00f6r f\u00f6reningsakt\u00f6rer \u2013 Grunderna i bya- och kvartersverksamhet<\/span><\/h4>\n<p>Syftet med f\u00f6reningsverksamhet \u00e4r att n\u00e5 gemensamma m\u00e5l och p\u00e5verka viktiga fr\u00e5gor tillsammans. F\u00f6reningens verksamhet m\u00e5ste f\u00f6lja f\u00f6reningslagen, men man ska inte gl\u00f6mma bort den egna visionen, missionen och orsaken till att f\u00f6reningen existerar. I det h\u00e4r avsnittet bekantar vi oss med f\u00f6reningsverksamhetens grunder i byarnas och kvarterens perspektiv.<\/p>\n<p>&nbsp;<\/p>\n<h4><span style=\"color: #008000;\">10 Evenemangsproduktion \u2013 Ordna en lyckad bya- eller kvarterstillst\u00e4llning<\/span><\/h4>\n<p>N\u00e4r du ordnar evenemang \u00e4r det bra att fokusera p\u00e5 grunderna och planera alla detaljer omsorgsfullt p\u00e5 f\u00f6rhand. Att ordna evenemang kr\u00e4ver f\u00f6rm\u00e5ga att planera och organisera. Det f\u00f6ruts\u00e4tter ocks\u00e5 starka insatser av alla frivilligarbetare. N\u00e4r evenemanget \u00e4r v\u00e4lplanerat, \u00e4r det l\u00e4tt att genomf\u00f6ra p\u00e5 sj\u00e4lva evenemangsdagen.<\/p>\n<p>&nbsp;<\/p>\n<h4><span style=\"color: #008000;\">11 Framtidsmakt \u2013 Verktyg f\u00f6r byarnas framtidsarbete (Nytt tema 2025)<\/span><\/h4>\n<p>Denna helhet erbjuder byarna nya verktyg f\u00f6r att f\u00f6rst\u00e5 och p\u00e5verka sin egen framtid samt som st\u00f6d f\u00f6r byaplaneringsarbetet. Med hj\u00e4lp av den kan byarna tillsammans fundera p\u00e5 vilken framtid de vill bygga och utarbeta en konkret handlingsplan f\u00f6r att n\u00e5 dit. Helheten st\u00f6der b\u00e5de byarnas egen utveckling och samarbetet och dialogen mellan byarna och kommunerna.<\/p>\n<p>&nbsp;<\/p>\n<p>Byacoachning -konceptet har utvecklats i ett projekt som genomf\u00f6rdes av Kymenlaakson Kyl\u00e4t ry, P\u00e4ij\u00e4t-H\u00e4meen Kyl\u00e4t, SILMU-byar och Nylands Byar rf. Projektet genomf\u00f6rdes med EU-finansiering fr\u00e5n Emo ry, Utvecklingsf\u00f6rening SILMU rf, Leader Sepra ry, Pohjois-Kymen Kasvu ry och P\u00e4ij\u00e4nne-Leader ry.<\/p>\n<p>Konceptet leds efter projektet av Finlands Byar rf och det kommer att vidareutvecklas i samarbete med byacoacharna, landskapsbyaf\u00f6reningarna och Leadergrupperna. De infotillf\u00e4llen, f\u00f6rel\u00e4sningar, utbildningar och workshoppar som byacoacharna ordnar \u00e4r avgiftsfria f\u00f6r deltagarna.<\/p>\n<p>&nbsp;<\/p>\n<p><a href=\"https:\/\/www.itukylat.fi\/wp-content\/uploads\/2023\/01\/byacoachning_flyer_painoon.pdf\">Byacoachning utbildnings\u00e4mnen 01_2023<\/a><\/p>\n<p>Kontakt och till\u00e4ggsuppgifter:<\/p>\n<p>Finlands Byar rf <a href=\"https:\/\/suomenkylat.fi\/kylakoutsi\/\">https:\/\/suomenkylat.fi\/kylakoutsi\/<\/a><\/p>\n<p>Byar\u00e5dgivare Li-Marie Santala, SILMU-byar, 040 158 8038, li-marie.santala@silmu.info<\/p>\n<p>&nbsp;<\/p>\n<p><a href=\"https:\/\/www.itukylat.fi\/wp-content\/uploads\/2023\/06\/SILMU-byar-flyer-Byacoachning.png\"><img loading=\"lazy\" decoding=\"async\" class=\"alignnone wp-image-5418\" src=\"https:\/\/www.itukylat.fi\/wp-content\/uploads\/2023\/06\/SILMU-byar-flyer-Byacoachning-721x1024.png\" alt=\"\" width=\"480\" height=\"682\" data-id=\"5418\" srcset=\"https:\/\/www.itukylat.fi\/wp-content\/uploads\/2023\/06\/SILMU-byar-flyer-Byacoachning-721x1024.png 721w, https:\/\/www.itukylat.fi\/wp-content\/uploads\/2023\/06\/SILMU-byar-flyer-Byacoachning-211x300.png 211w, https:\/\/www.itukylat.fi\/wp-content\/uploads\/2023\/06\/SILMU-byar-flyer-Byacoachning-768x1090.png 768w, https:\/\/www.itukylat.fi\/wp-content\/uploads\/2023\/06\/SILMU-byar-flyer-Byacoachning-1082x1536.png 1082w, https:\/\/www.itukylat.fi\/wp-content\/uploads\/2023\/06\/SILMU-byar-flyer-Byacoachning.png 1409w\" sizes=\"auto, (max-width: 480px) 100vw, 480px\" \/><\/a><\/p>\n<p>&nbsp;<\/p>\n","protected":false},"excerpt":{"rendered":"<p>Byaf\u00f6reningar och andra motsvarande organisationer har m\u00f6jlighet att bjuda in en byacoach f\u00f6r att ordna en workshop eller utbildning om olika teman som utvecklar deras verksamhet. Byacoacherna \u00e4r anst\u00e4llda av landskapsbyaf\u00f6reningarna eller Leadergrupperna och finns i varje landskap. Utbildnings\u00e4mnena anknyter p\u00e5 ett eller annat s\u00e4tt till bya- och f\u00f6reningsverksamhet. Man kan till exempel b\u00f6rja med [&hellip;]<\/p>\n","protected":false},"author":2,"featured_media":0,"parent":0,"menu_order":0,"comment_status":"closed","ping_status":"closed","template":"","meta":{"footnotes":""},"class_list":["post-5251","page","type-page","status-publish","hentry"],"_links":{"self":[{"href":"https:\/\/www.itukylat.fi\/sv\/wp-json\/wp\/v2\/pages\/5251","targetHints":{"allow":["GET"]}}],"collection":[{"href":"https:\/\/www.itukylat.fi\/sv\/wp-json\/wp\/v2\/pages"}],"about":[{"href":"https:\/\/www.itukylat.fi\/sv\/wp-json\/wp\/v2\/types\/page"}],"author":[{"embeddable":true,"href":"https:\/\/www.itukylat.fi\/sv\/wp-json\/wp\/v2\/users\/2"}],"replies":[{"embeddable":true,"href":"https:\/\/www.itukylat.fi\/sv\/wp-json\/wp\/v2\/comments?post=5251"}],"version-history":[{"count":9,"href":"https:\/\/www.itukylat.fi\/sv\/wp-json\/wp\/v2\/pages\/5251\/revisions"}],"predecessor-version":[{"id":6584,"href":"https:\/\/www.itukylat.fi\/sv\/wp-json\/wp\/v2\/pages\/5251\/revisions\/6584"}],"wp:attachment":[{"href":"https:\/\/www.itukylat.fi\/sv\/wp-json\/wp\/v2\/media?parent=5251"}],"curies":[{"name":"wp","href":"https:\/\/api.w.org\/{rel}","templated":true}]}}