{"id":2165,"date":"2016-11-04T11:19:58","date_gmt":"2016-11-04T09:19:58","guid":{"rendered":"http:\/\/www.itukylat.fi\/sv\/?page_id=2165"},"modified":"2016-11-04T11:23:27","modified_gmt":"2016-11-04T09:23:27","slug":"november-2016-vessolandet-borga","status":"publish","type":"page","link":"https:\/\/www.itukylat.fi\/sv\/manadens-by\/manadens-by-2016\/november-2016-vessolandet-borga\/","title":{"rendered":"November 2016 &#8211; Vess\u00f6landet (Borg\u00e5)"},"content":{"rendered":"<p>Vess\u00f6landet, som finns i Borg\u00e5 drygt 10 km fr\u00e5n centrum, \u00e4r den st\u00f6rsta \u00f6n i \u00d6stnyland. Mellan Vess\u00f6 och fastlandet l\u00f6per ett smalt sund, Fladan, och \u00f6ver sundet finns en s\u00e5 liten bro att det knappt m\u00e4rks att fastlandet tar slut och p\u00e5 \u00f6n finns det ett tiotal sm\u00e5 byar. P\u00e5 Vess\u00f6 bor drygt 500 inv\u00e5nare och dessutom firar m\u00e5nga sina somrar d\u00e4r. P\u00e5 \u00f6n finns stadens l\u00e4geromr\u00e5de och simstr\u00e4nder i Sondby och ett eget omr\u00e5de f\u00f6r \u00a0caravanare.<\/p>\n<p>Som byaf\u00f6rening fungerar ungdomsf\u00f6reningen och FBK tillsammans och det h\u00e4nder alltid n\u00e5got p\u00e5 \u00f6n. \u00d6borna sammanst\u00e4llde Vess\u00f6s egen s\u00e4kerhetsplan under sommaren och nu p\u00e5 h\u00f6sten ordnas det bl. a. Junior disco och en julbasar.<\/p>\n<p>F\u00f6reningshuset Svenskborg kan hyras f\u00f6r br\u00f6llop, f\u00f6delsedagsfester, m\u00f6ten och andra evenemang.<\/p>\n<p><a href=\"https:\/\/www.vesso.fi\/\">L\u00e4s mer om \u00f6n och verksamheten&gt;&gt;&gt;<\/a><\/p>\n<p><a href=\"https:\/\/www.itukylat.fi\/wp-content\/uploads\/2016\/11\/Vess\u00f6-strand.jpg\"><img loading=\"lazy\" decoding=\"async\" class=\"alignleft wp-image-2159\" src=\"https:\/\/www.itukylat.fi\/wp-content\/uploads\/2016\/11\/Vess\u00f6-strand-300x109.jpg\" alt=\"vesso-strand\" width=\"341\" height=\"124\" data-id=\"2159\" srcset=\"https:\/\/www.itukylat.fi\/wp-content\/uploads\/2016\/11\/Vess\u00f6-strand-300x109.jpg 300w, https:\/\/www.itukylat.fi\/wp-content\/uploads\/2016\/11\/Vess\u00f6-strand-768x280.jpg 768w, https:\/\/www.itukylat.fi\/wp-content\/uploads\/2016\/11\/Vess\u00f6-strand.jpg 1004w\" sizes=\"auto, (max-width: 341px) 100vw, 341px\" \/><\/a><\/p>\n","protected":false},"excerpt":{"rendered":"<p>Vess\u00f6landet, som finns i Borg\u00e5 drygt 10 km fr\u00e5n centrum, \u00e4r den st\u00f6rsta \u00f6n i \u00d6stnyland. Mellan Vess\u00f6 och fastlandet l\u00f6per ett smalt sund, Fladan, och \u00f6ver sundet finns en s\u00e5 liten bro att det knappt m\u00e4rks att fastlandet tar slut och p\u00e5 \u00f6n finns det ett tiotal sm\u00e5 byar. P\u00e5 Vess\u00f6 bor drygt 500 [&hellip;]<\/p>\n","protected":false},"author":2,"featured_media":0,"parent":1538,"menu_order":0,"comment_status":"closed","ping_status":"closed","template":"","meta":{"footnotes":""},"class_list":["post-2165","page","type-page","status-publish","hentry"],"_links":{"self":[{"href":"https:\/\/www.itukylat.fi\/sv\/wp-json\/wp\/v2\/pages\/2165","targetHints":{"allow":["GET"]}}],"collection":[{"href":"https:\/\/www.itukylat.fi\/sv\/wp-json\/wp\/v2\/pages"}],"about":[{"href":"https:\/\/www.itukylat.fi\/sv\/wp-json\/wp\/v2\/types\/page"}],"author":[{"embeddable":true,"href":"https:\/\/www.itukylat.fi\/sv\/wp-json\/wp\/v2\/users\/2"}],"replies":[{"embeddable":true,"href":"https:\/\/www.itukylat.fi\/sv\/wp-json\/wp\/v2\/comments?post=2165"}],"version-history":[{"count":3,"href":"https:\/\/www.itukylat.fi\/sv\/wp-json\/wp\/v2\/pages\/2165\/revisions"}],"predecessor-version":[{"id":2171,"href":"https:\/\/www.itukylat.fi\/sv\/wp-json\/wp\/v2\/pages\/2165\/revisions\/2171"}],"up":[{"embeddable":true,"href":"https:\/\/www.itukylat.fi\/sv\/wp-json\/wp\/v2\/pages\/1538"}],"wp:attachment":[{"href":"https:\/\/www.itukylat.fi\/sv\/wp-json\/wp\/v2\/media?parent=2165"}],"curies":[{"name":"wp","href":"https:\/\/api.w.org\/{rel}","templated":true}]}}