{"id":1183,"date":"2015-03-05T09:44:37","date_gmt":"2015-03-05T07:44:37","guid":{"rendered":"http:\/\/www.itukylat.fi\/?page_id=1183"},"modified":"2017-07-05T14:11:32","modified_gmt":"2017-07-05T11:11:32","slug":"mars-emsalo-borga","status":"publish","type":"page","link":"https:\/\/www.itukylat.fi\/sv\/manadens-by\/manadens-by-2015\/mars-emsalo-borga\/","title":{"rendered":"Mars &#8211; Emsal\u00f6 (Borg\u00e5)"},"content":{"rendered":"<p>Emsal\u00f6 \u00e4r en stor \u00f6 i Borg\u00e5 sk\u00e4rg\u00e5rd p\u00e5 gr\u00e4nsen till yttre havsomr\u00e5det. \u00d6n \u00e4r 15 km l\u00e5ng i nord-s\u00f6der riktning och ungef\u00e4r 5 km bred p\u00e5 bredaste st\u00e4llet. P\u00e5 Emsal\u00f6 finns fyra jordregisterbyar, fr\u00e5n norr r\u00e4knat Emsal\u00f6 by, Orrby, Bengtsby och Varlax. S\u00f6der om Emsal\u00f6 finns \u00e4nnu Haxal\u00f6 som tillsammans med Emsal\u00f6 bildar byasammanslutningen Emsal\u00f6.<\/p>\n<p><a href=\"https:\/\/www.emsalo.fi\/\" target=\"_blank\">L\u00e4s mer om Emsal\u00f6 h\u00e4r.<\/a><\/p>\n<p><a href=\"https:\/\/www.itukylat.fi\/wp-content\/uploads\/2015\/03\/Emaesalo.jpg\"><img loading=\"lazy\" decoding=\"async\" class=\"alignnone size-thumbnail wp-image-1180\" src=\"https:\/\/www.itukylat.fi\/wp-content\/uploads\/2015\/03\/Emaesalo-150x150.jpg\" alt=\"Em\u00e4salo\" width=\"150\" height=\"150\" data-id=\"1180\" srcset=\"https:\/\/www.itukylat.fi\/wp-content\/uploads\/2015\/03\/Emaesalo-150x150.jpg 150w, https:\/\/www.itukylat.fi\/wp-content\/uploads\/2015\/03\/Emaesalo-50x50.jpg 50w\" sizes=\"auto, (max-width: 150px) 100vw, 150px\" \/><\/a><\/p>\n","protected":false},"excerpt":{"rendered":"<p>Emsal\u00f6 \u00e4r en stor \u00f6 i Borg\u00e5 sk\u00e4rg\u00e5rd p\u00e5 gr\u00e4nsen till yttre havsomr\u00e5det. \u00d6n \u00e4r 15 km l\u00e5ng i nord-s\u00f6der riktning och ungef\u00e4r 5 km bred p\u00e5 bredaste st\u00e4llet. P\u00e5 Emsal\u00f6 finns fyra jordregisterbyar, fr\u00e5n norr r\u00e4knat Emsal\u00f6 by, Orrby, Bengtsby och Varlax. S\u00f6der om Emsal\u00f6 finns \u00e4nnu Haxal\u00f6 som tillsammans med Emsal\u00f6 bildar byasammanslutningen [&hellip;]<\/p>\n","protected":false},"author":2,"featured_media":0,"parent":1069,"menu_order":0,"comment_status":"closed","ping_status":"closed","template":"","meta":{"footnotes":""},"class_list":["post-1183","page","type-page","status-publish","hentry"],"_links":{"self":[{"href":"https:\/\/www.itukylat.fi\/sv\/wp-json\/wp\/v2\/pages\/1183","targetHints":{"allow":["GET"]}}],"collection":[{"href":"https:\/\/www.itukylat.fi\/sv\/wp-json\/wp\/v2\/pages"}],"about":[{"href":"https:\/\/www.itukylat.fi\/sv\/wp-json\/wp\/v2\/types\/page"}],"author":[{"embeddable":true,"href":"https:\/\/www.itukylat.fi\/sv\/wp-json\/wp\/v2\/users\/2"}],"replies":[{"embeddable":true,"href":"https:\/\/www.itukylat.fi\/sv\/wp-json\/wp\/v2\/comments?post=1183"}],"version-history":[{"count":1,"href":"https:\/\/www.itukylat.fi\/sv\/wp-json\/wp\/v2\/pages\/1183\/revisions"}],"predecessor-version":[{"id":1184,"href":"https:\/\/www.itukylat.fi\/sv\/wp-json\/wp\/v2\/pages\/1183\/revisions\/1184"}],"up":[{"embeddable":true,"href":"https:\/\/www.itukylat.fi\/sv\/wp-json\/wp\/v2\/pages\/1069"}],"wp:attachment":[{"href":"https:\/\/www.itukylat.fi\/sv\/wp-json\/wp\/v2\/media?parent=1183"}],"curies":[{"name":"wp","href":"https:\/\/api.w.org\/{rel}","templated":true}]}}